{"id":10440,"date":"2017-04-28T12:08:58","date_gmt":"2017-04-28T10:08:58","guid":{"rendered":"http:\/\/www.galeriecipango.fr\/?page_id=10440"},"modified":"2017-12-12T15:39:15","modified_gmt":"2017-12-12T14:39:15","slug":"jean-yves-gosti-biography","status":"publish","type":"page","link":"https:\/\/www.galeriecipango.fr\/en\/jean-yves-gosti-biography\/","title":{"rendered":"Jean-Yves Gosti biography"},"content":{"rendered":"<div class=\"wpb-content-wrapper\"><p>[vc_row][vc_column][vc_empty_space]<div class=\"title-center\"><div class=\"dt-title-wrapper section-title-small\"><h2 class=\"section-title\">Jean-Yves Gosti <\/h2><span class=\"section-line\"><\/span><h4 class=\"section-tagline\">Born in 1960<\/h4><\/div><\/div>[\/vc_column][\/vc_row][vc_row][vc_column width=&#8221;1\/2&#8243;][vc_column_text]<\/p>\n<h4>TRAINING<\/h4>\n<h5><b>1991 \u00a0 <\/b>Set up his studio in Pantin<\/h5>\n<h5><strong>1986 \u00a0 <\/strong>Assistant to Martine Boileau, a sculptress discovered by Germaine Richier<\/h5>\n<h5><b>1985 \u00a0 <\/b>Graduated from the \u00c9cole Nationale Sup\u00e9rieure des Arts Appliqu\u00e9s et des M\u00e9tiers d\u2019Art (ENSAAMA)<\/h5>\n<p>[\/vc_column_text][vc_separator align=&#8221;align_left&#8221; el_width=&#8221;30&#8243;][vc_column_text]<\/p>\n<h4>SOLO EXHIBITIONS<\/h4>\n<h5><strong>2016<br \/>\n<\/strong>Galerie Au-del\u00e0 des apparences, Annecy<br \/>\nColloque et Exposition de sculptures, l\u2019Apostrophe, Sc\u00e8ne Nationale,<br \/>\nCergy-Pontoise &amp; Val d\u2019Oise<\/h5>\n<h5><strong>2015<br \/>\n<\/strong>Galerie le Troisi\u00e8me \u0152il, Bordeaux<br \/>\nGalerie Danielle Bourdette, Honfleur<br \/>\nGalerie Anna Tschopp, Marseille<\/h5>\n<h5><strong>2013<br \/>\n<\/strong>Galerie Besseiche, Paris, Geneva<\/h5>\n<h5><strong>2012<br \/>\n<\/strong>Drawings, sculptures, L\u2019Usine \u00e0 Zabu, Saint-Germain-des-Angles (27)<\/h5>\n<h5><strong>2011<br \/>\n<\/strong>Parc Lef\u00e8vre Livry-Gargan<br \/>\nGalerie Anna Tschopp, Marseille<br \/>\nInt\u00e9rieur actuel, Rheims<\/h5>\n<h5><strong>2010<br \/>\n<\/strong>Galerie Municipale d\u2019Art Contemporain, Auvers sur Oise<\/h5>\n<h5><strong>2009<br \/>\n<\/strong>Galerie Daniel Besseiche, Paris,\u00a0Geneva<br \/>\nGalerie Eclat d\u2019art, Colmar<br \/>\nFer play, Parc de Cl\u00e8res (78)<\/h5>\n<h5><strong>2008<br \/>\n<\/strong>Galerie le Troisi\u00e8me oeil, Bordeaux<br \/>\nGalerie Recto\/Verso, Luxembourg<br \/>\nGalerie Eric Dumont, Troyes<br \/>\nGalerie Anna Tschopp, Marseille<br \/>\nGalerie Art pluriel, Lyon<br \/>\nGalerie Lisette Alibert, Paris<br \/>\nGalerie Slotine, Salon de Lille, Salon de Meg\u00e8ve, Salon Art\u00e9nime<\/h5>\n<p>[\/vc_column_text][vc_separator align=&#8221;align_left&#8221; el_width=&#8221;30&#8243;][vc_column_text]<\/p>\n<h4 class=\"column\">GROUP EXHIBITIONS<\/h4>\n<h5><strong>2017<br \/>\n<\/strong>Galerie Florence B., Ile de Noirmoutier<br \/>\nTerritoire d\u2019Expressions, Nantes<br \/>\nGalerie Christine Coulon, Li\u00e8ge<br \/>\nGalerie Van Der Planken, Antwerp<br \/>\nGalerie Estelle Lebas, summer show, Lille<\/h5>\n<div class=\"layoutArea\">\n<div class=\"column\">\n<h5><strong>2016<br \/>\n<\/strong>Galerie Audrey Marty, Saint-Malo<br \/>\nGalerie Slotine, St\u2019Art, Strasbourg<br \/>\nGalerie Izart, Pont-Aven<br \/>\nGalerie Eclat d\u2019art, Colmar<br \/>\nSalon de Paris 8e, Les M\u00e9tamorphoses du Corps, Orlan, Jean-Yves Gosti, Sophie Elbaz<br \/>\nGalerie Cipango, Paris<\/h5>\n<h5><strong>2015<br \/>\n<\/strong>ARKAN les Arts \u00e0 Caen, Primitivit\u00e9(s) Territoire d\u2019Expression, Paris<\/h5>\n<h5><strong>2014<br \/>\n<\/strong>L\u2019Usine \u00e0 Zabu, Saint-Germain-des-Angles (27) sculptors\u2019 special show<br \/>\nRegards intimes sur l\u2019\u0153uvre de Jean-Yves Gosti, Espace Jourdain Paris<br \/>\nTout Chahaignes en peinture (72), sculpture guest<br \/>\nTerritoire d\u2019Expressions, Paris, Nantes<br \/>\nGalerie Van der Planken, Salon de Toronto, Canada<br \/>\nBrut de trogne, portrait de l\u2019artiste Jean-Yves Gosti, documentary film by Franck Heslon, DVD\u00a0format<\/h5>\n<div class=\"page\" title=\"Page 2\">\n<div class=\"section\">\n<div class=\"layoutArea\">\n<h5><strong>2013<\/strong><br \/>\nPr\u00e9ault-du-Perche, Journ\u00e9es du Patrimoine<br \/>\nGalerie Izart, Pont Aven<br \/>\nTerritoire d\u2019Expressions, Impressions d\u2019artistes, Paris, Nantes<\/h5>\n<h5><strong>2012<\/strong><br \/>\nTerritoire d\u2019Expressions, Invit\u00e9 sp\u00e9cial, exposition Cobra Paris, Nantes<br \/>\nGosti\u2019s Friends, carte blanche \u00e0 Gosti, Galerie Tourgeville (14)<br \/>\nPrieur\u00e9 de Mantes<\/h5>\n<h5><strong>2011<\/strong><br \/>\nGalerie Slotine, St\u2019Art, Strasbourg<br \/>\nR\u00e9sidence d\u2019artiste au Mus\u00e9e des Arts Buissonniers, Saint-Sever-du-Moustier<\/h5>\n<h5><\/h5>\n<\/div>\n<div class=\"layoutArea\"><\/div>\n<\/div>\n<\/div>\n<\/div>\n<\/div>\n<p>[\/vc_column_text][\/vc_column][vc_column width=&#8221;1\/2&#8243;][vc_column_text]<\/p>\n<div class=\"column\">\n<h5><strong>2010<\/strong><br \/>\nOutsiders, Au-dessous des volcans, Mauriac (15) Salon Art Metz, Guest of honour<br \/>\nGalerie Eric Baudet, le Havre<br \/>\nGalerie Hans Persoon, Veldhoven (Netherlands)<br \/>\nCh\u00e2teau de Mme de Graffigny, Villers-les-Nancy (54)<br \/>\nGalerie Biz\u2019art biz\u2019art, Le Vaudioux (39)<\/h5>\n<h5><strong>2009<\/strong><br \/>\nAustralie\/France, Regards Crois\u00e9s, Espace Beaurepaire, Paris<br \/>\nGalerie Arts d\u2019Australie, Galerie Nathalie B\u00e9reau<\/h5>\n<h5><strong>2007<\/strong><br \/>\nGalerie Cupillard, Grenoble<br \/>\nArt Sculpture Space, Entre l\u2019Urbanisme et l\u2019Art, Shanga\u00ef Biz\u2019art, biz\u2019art, Le Vaudous<br \/>\nGalerie Hans Persoon, Veldhoven, Netherlands<br \/>\nWashington Art Fair, Galerie van der Planken, Antwerp<\/h5>\n<h5><strong>2006<br \/>\n<\/strong>Galerie \u00ab Le troisi\u00e8me \u0152il \u00bb, Bordeaux<br \/>\nGalerie Michael de Zutter, MDZ, Knokke<br \/>\nInt\u00e9rieur actuel, Rheims<br \/>\nGalerie Art Pluriel, Lyon<br \/>\nGalerie Van der Planken, Antwerp<br \/>\nGalerie Alibert, Paris (catalogue)<br \/>\nInvit\u00e9, Ville de Concarno<strong><br \/>\n<\/strong><\/h5>\n<h5><strong>2005<\/strong><br \/>\nSt\u2019Art, Galerie Slotine, Strasbourg<br \/>\nCarte blanche \u00e0 Nathalie B\u00e9reau, Galerie Jacques L\u00e9vy, Paris<br \/>\nArt mill\u00e9sime 2005, Champagne Devaux, Domaine de Villeneuve<br \/>\nSalon de Karlsruhe, Galerie Slotine<br \/>\nGalerie Hans Persoon, Veldhoven,\u00a0Netherlands<\/h5>\n<h5><strong>2004<br \/>\n<\/strong>Sculptures en Manche, 70 international sculptors<br \/>\n12 sculpteurs \u00e0 Altkirch<br \/>\nSalon St\u2019Art, Galerie Van Der Planken, Strasbourg<br \/>\nGalerie Slotine , St\u2019Art, Karlsruhe, Art Event<br \/>\nGalerie Art Actua, Le Mans<strong><br \/>\n<\/strong><\/h5>\n<h5><strong>2003<\/strong><br \/>\nHolland Art Fair, The\u00a0Hague<br \/>\nKlooster van de Karmel De Troost 2003, Vilvoorde, Belgium<br \/>\nGalerie van Der Planken, Antwerp<br \/>\nLineart Art Fair, Ghent<\/h5>\n<\/div>\n<div class=\"page\" title=\"Page 3\">\n<div class=\"section\">\n<div class=\"layoutArea\">\n<div class=\"column\">\n<h5><strong><br \/>\n2002<br \/>\n<\/strong>St\u2019Art, Strasbourg<br \/>\nLe Primitivisme Contemporain, Montlu\u00e7on Holland Art Fair, La Hague<br \/>\nKunst Rai Art Fair, Amsterdam<br \/>\nSalon de Rignac<br \/>\nArt\u00e9nim, Nimes<br \/>\nGalerie Hans Persoon, Veldhoven, Pays-Bas Int\u00e9rieurs Actuel, Rheims<br \/>\nGalerie Cupillard, Grenoble<br \/>\nLineart Art Fair, Ghent<\/h5>\n<h5><strong>2001<br \/>\n<\/strong>10 ans Galerie Van Der Planken, Antwerp<br \/>\nGalerie Nicole Buck, Strasbourg<br \/>\nSt\u2019Art, Strasbourg<br \/>\nGalerie Florence Touber, Paris<br \/>\nKunstrai Fair, Amsterdam<br \/>\nArt S\u00e9nat, Paris<br \/>\nArt Paris, Galerie Van der Planken<br \/>\nGalerie van der Planken, Lindstr\u00f6m &amp; Gosti, Antwerp<br \/>\nLineart Art Fair,\u00a0Ghent<\/h5>\n<h5><strong>2000<br \/>\n<\/strong>St\u2019Art, Strasbourg<br \/>\nGalerie Van Der Planken, Antwerp<br \/>\nSymposium, Kaiserslauteren, Germany<br \/>\nArten\u00efm, Nimes, France<br \/>\nGrenier des Artistes, Paris<br \/>\nArt Paris, Galerie Van Der Planken<br \/>\nLineart Art Fair, Galerie Van Der Planken, Ghent<\/h5>\n<h5><strong>1999<br \/>\n<\/strong>St\u2019Art, Strasbourg<br \/>\nGalerie L.O, Rennes<br \/>\nGalerie Nicole Buck, Strasbourg<br \/>\nInt\u00e9rieur actuel, Rheims<br \/>\nGalerie Wam, Caen<br \/>\nClassic Event, Galerie van Der Planken, Courtrai<\/h5>\n<h5><strong>1998<br \/>\n<\/strong>St\u2019Art, Galerie Slotine, Strasbourg<br \/>\nMaison Robert Schuman, Scy-Chazelles<br \/>\nGalerie Lisette Alibert, Paris<\/h5>\n<h5><strong>1997<br \/>\n<\/strong>Espace Jacquet, Mairie de Pantin<br \/>\nGalerie Maximillian, Aspen, Colorado<\/h5>\n<h5><strong>1996<br \/>\n<\/strong>Galerie 17, Clermont-Ferrand<br \/>\nGalerie Lisette Alibert, Paris<\/h5>\n<h5><strong>1995<br \/>\n<\/strong>Galerie Mobile, Paris Galerie Slotine, Le Havre<\/h5>\n<h5><strong>1993<br \/>\n<\/strong>Galerie EFTE, Paris<\/h5>\n<\/div>\n<\/div>\n<\/div>\n<\/div>\n<p>[\/vc_column_text][\/vc_column][\/vc_row][vc_row][vc_column][vc_btn title=&#8221;BACK&#8221; shape=&#8221;round&#8221; size=&#8221;sm&#8221; align=&#8221;right&#8221; link=&#8221;url:http%3A%2F%2Fwww.galeriecipango.fr%2Fen%2Fjean-yves-gosti-2%2F|||&#8221;][\/vc_column][\/vc_row]<\/p>\n<\/div>","protected":false},"excerpt":{"rendered":"<p>[vc_row][vc_column][vc_empty_space][\/vc_column][\/vc_row][vc_row][vc_column width=&#8221;1\/2&#8243;][vc_column_text] TRAINING 1991 \u00a0 Set up his studio in Pantin 1986 \u00a0 Assistant to Martine Boileau, a&#8230; <a class=\"excerpt-read-more\" href=\"https:\/\/www.galeriecipango.fr\/en\/jean-yves-gosti-biography\/\"><span>Continue Reading<\/span><\/a><\/p>\n","protected":false},"author":1,"featured_media":0,"parent":0,"menu_order":0,"comment_status":"closed","ping_status":"closed","template":"","meta":{"footnotes":""},"class_list":["post-10440","page","type-page","status-publish","hentry"],"_links":{"self":[{"href":"https:\/\/www.galeriecipango.fr\/en\/wp-json\/wp\/v2\/pages\/10440"}],"collection":[{"href":"https:\/\/www.galeriecipango.fr\/en\/wp-json\/wp\/v2\/pages"}],"about":[{"href":"https:\/\/www.galeriecipango.fr\/en\/wp-json\/wp\/v2\/types\/page"}],"author":[{"embeddable":true,"href":"https:\/\/www.galeriecipango.fr\/en\/wp-json\/wp\/v2\/users\/1"}],"replies":[{"embeddable":true,"href":"https:\/\/www.galeriecipango.fr\/en\/wp-json\/wp\/v2\/comments?post=10440"}],"version-history":[{"count":0,"href":"https:\/\/www.galeriecipango.fr\/en\/wp-json\/wp\/v2\/pages\/10440\/revisions"}],"wp:attachment":[{"href":"https:\/\/www.galeriecipango.fr\/en\/wp-json\/wp\/v2\/media?parent=10440"}],"curies":[{"name":"wp","href":"https:\/\/api.w.org\/{rel}","templated":true}]}}